{"id":6823,"date":"2023-07-19T11:16:57","date_gmt":"2023-07-19T09:16:57","guid":{"rendered":"https:\/\/www.souveraenes-digitales-lehren-und-lernen.de\/home\/?page_id=6823"},"modified":"2025-11-27T11:00:08","modified_gmt":"2025-11-27T10:00:08","slug":"podcast","status":"publish","type":"page","link":"https:\/\/www.souveraenes-digitales-lehren-und-lernen.de\/home\/podcast\/","title":{"rendered":"Podcast"},"content":{"rendered":"\t\t<div data-elementor-type=\"wp-page\" data-elementor-id=\"6823\" class=\"elementor elementor-6823\" data-elementor-post-type=\"page\">\n\t\t\t\t<div class=\"elementor-element elementor-element-b088bd8 e-flex e-con-boxed e-con e-parent\" data-id=\"b088bd8\" data-element_type=\"container\" data-e-type=\"container\">\n\t\t\t\t\t<div class=\"e-con-inner\">\n\t\t\t\t<div class=\"elementor-element elementor-element-8ab1134 elementor-widget elementor-widget-spacer\" data-id=\"8ab1134\" data-element_type=\"widget\" data-e-type=\"widget\" data-widget_type=\"spacer.default\">\n\t\t\t\t<div class=\"elementor-widget-container\">\n\t\t\t\t\t\t\t<div class=\"elementor-spacer\">\n\t\t\t<div class=\"elementor-spacer-inner\"><\/div>\n\t\t<\/div>\n\t\t\t\t\t\t<\/div>\n\t\t\t\t<\/div>\n\t\t\t\t<div class=\"elementor-element elementor-element-66b2b67 elementor-widget elementor-widget-image\" data-id=\"66b2b67\" data-element_type=\"widget\" data-e-type=\"widget\" data-widget_type=\"image.default\">\n\t\t\t\t<div class=\"elementor-widget-container\">\n\t\t\t\t\t\t\t\t\t\t\t\t\t\t\t<img fetchpriority=\"high\" decoding=\"async\" width=\"1099\" height=\"296\" src=\"https:\/\/www.souveraenes-digitales-lehren-und-lernen.de\/wp-content\/uploads\/2023\/12\/SOUVER@N-PODCAST-LOGO.png\" class=\"attachment-full size-full wp-image-8329\" alt=\"\" srcset=\"https:\/\/www.souveraenes-digitales-lehren-und-lernen.de\/wp-content\/uploads\/2023\/12\/SOUVER@N-PODCAST-LOGO.png 1099w, https:\/\/www.souveraenes-digitales-lehren-und-lernen.de\/wp-content\/uploads\/2023\/12\/SOUVER@N-PODCAST-LOGO-225x61.png 225w, https:\/\/www.souveraenes-digitales-lehren-und-lernen.de\/wp-content\/uploads\/2023\/12\/SOUVER@N-PODCAST-LOGO-1024x276.png 1024w, https:\/\/www.souveraenes-digitales-lehren-und-lernen.de\/wp-content\/uploads\/2023\/12\/SOUVER@N-PODCAST-LOGO-768x207.png 768w\" sizes=\"(max-width: 1099px) 100vw, 1099px\" \/>\t\t\t\t\t\t\t\t\t\t\t\t\t\t\t<\/div>\n\t\t\t\t<\/div>\n\t\t\t\t<div class=\"elementor-element elementor-element-4bd5b7f elementor-widget elementor-widget-spacer\" data-id=\"4bd5b7f\" data-element_type=\"widget\" data-e-type=\"widget\" data-widget_type=\"spacer.default\">\n\t\t\t\t<div class=\"elementor-widget-container\">\n\t\t\t\t\t\t\t<div class=\"elementor-spacer\">\n\t\t\t<div class=\"elementor-spacer-inner\"><\/div>\n\t\t<\/div>\n\t\t\t\t\t\t<\/div>\n\t\t\t\t<\/div>\n\t\t\t\t<div class=\"elementor-element elementor-element-8686ed4 elementor-widget elementor-widget-text-editor\" data-id=\"8686ed4\" data-element_type=\"widget\" data-e-type=\"widget\" data-widget_type=\"text-editor.default\">\n\t\t\t\t<div class=\"elementor-widget-container\">\n\t\t\t\t\t\t\t\t\t<p style=\"font-weight: 400;\">Das Verbundprojekt Souver@n hat sich zum Ziel gesetzt, die <strong>Digitalisierung in der Hochschullehre<\/strong> zu st\u00e4rken. In unserer <strong>Podcastreihe<\/strong> sprechen wir vom Team Kommunikation mit Expert:innen auf dem Gebiet der digitalen Lehre und des Lernens, um unsere H\u00f6rer:innen \u00fcber die <strong>neuesten Entwicklungen, bew\u00e4hrte Praktiken und gute Erfahrungen<\/strong> auf diesem Gebiet zu informieren.<\/p><p style=\"font-weight: 400;\">Verschiedene digitale Settings, F\u00f6rderung der Digitalkompetenzen, E-Pr\u00fcfungen, globales Lernen, Open Source Tools sind nur einige der Themen, \u00fcber die wir im Podcast sprechen.<\/p><p style=\"font-weight: 400;\">Der Podcast richtet sich an Lehrende, Mitarbeiter:innen an den zentralen, lehrunterst\u00fctzenden Einrichtungen und Studierende an den Hochschulen in Niedersachsen \u2013 aber auch dar\u00fcber hinaus.<\/p><p style=\"font-weight: 400;\">H\u00f6ren Sie rein und lassen Sie sich inspirieren von den <strong>Ideen und Fragestellungen rund um die Digitale Lehre<\/strong>.<\/p>\t\t\t\t\t\t\t\t<\/div>\n\t\t\t\t<\/div>\n\t\t\t\t<div class=\"elementor-element elementor-element-f58278e elementor-widget elementor-widget-spacer\" data-id=\"f58278e\" data-element_type=\"widget\" data-e-type=\"widget\" data-widget_type=\"spacer.default\">\n\t\t\t\t<div class=\"elementor-widget-container\">\n\t\t\t\t\t\t\t<div class=\"elementor-spacer\">\n\t\t\t<div class=\"elementor-spacer-inner\"><\/div>\n\t\t<\/div>\n\t\t\t\t\t\t<\/div>\n\t\t\t\t<\/div>\n\t\t\t\t\t<\/div>\n\t\t\t\t<\/div>\n\t\t<div class=\"elementor-element elementor-element-eef1633 e-flex e-con-boxed e-con e-parent\" data-id=\"eef1633\" data-element_type=\"container\" data-e-type=\"container\">\n\t\t\t\t\t<div class=\"e-con-inner\">\n\t\t\t\t<div class=\"elementor-element elementor-element-63fecfb elementor-posts__hover-none elementor-grid-2 elementor-grid-mobile-1 elementor-posts--thumbnail-top elementor-widget elementor-widget-posts\" data-id=\"63fecfb\" data-element_type=\"widget\" data-e-type=\"widget\" data-settings=\"{&quot;pagination_type&quot;:&quot;load_more_infinite_scroll&quot;,&quot;cards_columns&quot;:&quot;2&quot;,&quot;cards_columns_mobile&quot;:&quot;1&quot;,&quot;cards_row_gap&quot;:{&quot;unit&quot;:&quot;px&quot;,&quot;size&quot;:35,&quot;sizes&quot;:[]},&quot;cards_row_gap_tablet&quot;:{&quot;unit&quot;:&quot;px&quot;,&quot;size&quot;:&quot;&quot;,&quot;sizes&quot;:[]},&quot;cards_row_gap_mobile&quot;:{&quot;unit&quot;:&quot;px&quot;,&quot;size&quot;:&quot;&quot;,&quot;sizes&quot;:[]},&quot;load_more_spinner&quot;:{&quot;value&quot;:&quot;fas fa-spinner&quot;,&quot;library&quot;:&quot;fa-solid&quot;}}\" data-widget_type=\"posts.cards\">\n\t\t\t\t<div class=\"elementor-widget-container\">\n\t\t\t\t\t\t\t<div class=\"elementor-posts-container elementor-posts elementor-posts--skin-cards elementor-grid\">\n\t\t\t\t<article class=\"elementor-post elementor-grid-item post-10035 podcast type-podcast status-publish has-post-thumbnail hentry\">\n\t\t\t<div class=\"elementor-post__card\">\n\t\t\t\t<a class=\"elementor-post__thumbnail__link\" href=\"https:\/\/www.souveraenes-digitales-lehren-und-lernen.de\/home\/podcast\/podcast-episode-10\/\" tabindex=\"-1\" target=\"_blank\"><div class=\"elementor-post__thumbnail\"><img decoding=\"async\" width=\"1198\" height=\"1200\" src=\"https:\/\/www.souveraenes-digitales-lehren-und-lernen.de\/wp-content\/uploads\/2023\/12\/Cover-Angepasst.jpg\" class=\"attachment-full size-full wp-image-8428\" alt=\"\" srcset=\"https:\/\/www.souveraenes-digitales-lehren-und-lernen.de\/wp-content\/uploads\/2023\/12\/Cover-Angepasst.jpg 1198w, https:\/\/www.souveraenes-digitales-lehren-und-lernen.de\/wp-content\/uploads\/2023\/12\/Cover-Angepasst-225x225.jpg 225w, https:\/\/www.souveraenes-digitales-lehren-und-lernen.de\/wp-content\/uploads\/2023\/12\/Cover-Angepasst-1022x1024.jpg 1022w, https:\/\/www.souveraenes-digitales-lehren-und-lernen.de\/wp-content\/uploads\/2023\/12\/Cover-Angepasst-150x150.jpg 150w, https:\/\/www.souveraenes-digitales-lehren-und-lernen.de\/wp-content\/uploads\/2023\/12\/Cover-Angepasst-768x769.jpg 768w\" sizes=\"(max-width: 1198px) 100vw, 1198px\" \/><\/div><\/a>\n\t\t\t\t<div class=\"elementor-post__text\">\n\t\t\t\t<h3 class=\"elementor-post__title\">\n\t\t\t<a href=\"https:\/\/www.souveraenes-digitales-lehren-und-lernen.de\/home\/podcast\/podcast-episode-10\/\" target=&quot;_blank&quot;>\n\t\t\t\tEpisode 10: Open Source Software in der Hochschullehre\t\t\t<\/a>\n\t\t<\/h3>\n\t\t\t\t\t<div class=\"elementor-post__read-more-wrapper\">\n\t\t\n\t\t<a class=\"elementor-post__read-more\" href=\"https:\/\/www.souveraenes-digitales-lehren-und-lernen.de\/home\/podcast\/podcast-episode-10\/\" aria-label=\"Read more about Episode 10: Open Source Software in der Hochschullehre\" tabindex=\"-1\" target=\"_blank\">\n\t\t\tZUM PODCAST\t\t<\/a>\n\n\t\t\t\t\t<\/div>\n\t\t\t\t<\/div>\n\t\t\t\t\t<\/div>\n\t\t<\/article>\n\t\t\t\t<article class=\"elementor-post elementor-grid-item post-9739 podcast type-podcast status-publish has-post-thumbnail hentry\">\n\t\t\t<div class=\"elementor-post__card\">\n\t\t\t\t<a class=\"elementor-post__thumbnail__link\" href=\"https:\/\/www.souveraenes-digitales-lehren-und-lernen.de\/home\/podcast\/podcast-episode-9\/\" tabindex=\"-1\" target=\"_blank\"><div class=\"elementor-post__thumbnail\"><img decoding=\"async\" width=\"1198\" height=\"1200\" src=\"https:\/\/www.souveraenes-digitales-lehren-und-lernen.de\/wp-content\/uploads\/2023\/12\/Cover-Angepasst.jpg\" class=\"attachment-full size-full wp-image-8428\" alt=\"\" srcset=\"https:\/\/www.souveraenes-digitales-lehren-und-lernen.de\/wp-content\/uploads\/2023\/12\/Cover-Angepasst.jpg 1198w, https:\/\/www.souveraenes-digitales-lehren-und-lernen.de\/wp-content\/uploads\/2023\/12\/Cover-Angepasst-225x225.jpg 225w, https:\/\/www.souveraenes-digitales-lehren-und-lernen.de\/wp-content\/uploads\/2023\/12\/Cover-Angepasst-1022x1024.jpg 1022w, https:\/\/www.souveraenes-digitales-lehren-und-lernen.de\/wp-content\/uploads\/2023\/12\/Cover-Angepasst-150x150.jpg 150w, https:\/\/www.souveraenes-digitales-lehren-und-lernen.de\/wp-content\/uploads\/2023\/12\/Cover-Angepasst-768x769.jpg 768w\" sizes=\"(max-width: 1198px) 100vw, 1198px\" \/><\/div><\/a>\n\t\t\t\t<div class=\"elementor-post__text\">\n\t\t\t\t<h3 class=\"elementor-post__title\">\n\t\t\t<a href=\"https:\/\/www.souveraenes-digitales-lehren-und-lernen.de\/home\/podcast\/podcast-episode-9\/\" target=&quot;_blank&quot;>\n\t\t\t\tEpisode 9: Cu2RVE st\u00e4rkt Digitalisierungskompetenzen von Lehramtstudierenden\t\t\t<\/a>\n\t\t<\/h3>\n\t\t\t\t\t<div class=\"elementor-post__read-more-wrapper\">\n\t\t\n\t\t<a class=\"elementor-post__read-more\" href=\"https:\/\/www.souveraenes-digitales-lehren-und-lernen.de\/home\/podcast\/podcast-episode-9\/\" aria-label=\"Read more about Episode 9: Cu2RVE st\u00e4rkt Digitalisierungskompetenzen von Lehramtstudierenden\" tabindex=\"-1\" target=\"_blank\">\n\t\t\tZUM PODCAST\t\t<\/a>\n\n\t\t\t\t\t<\/div>\n\t\t\t\t<\/div>\n\t\t\t\t\t<\/div>\n\t\t<\/article>\n\t\t\t\t<article class=\"elementor-post elementor-grid-item post-9595 podcast type-podcast status-publish has-post-thumbnail hentry\">\n\t\t\t<div class=\"elementor-post__card\">\n\t\t\t\t<a class=\"elementor-post__thumbnail__link\" href=\"https:\/\/www.souveraenes-digitales-lehren-und-lernen.de\/home\/podcast\/podcast-episode-8\/\" tabindex=\"-1\" target=\"_blank\"><div class=\"elementor-post__thumbnail\"><img decoding=\"async\" width=\"1198\" height=\"1200\" src=\"https:\/\/www.souveraenes-digitales-lehren-und-lernen.de\/wp-content\/uploads\/2023\/12\/Cover-Angepasst.jpg\" class=\"attachment-full size-full wp-image-8428\" alt=\"\" srcset=\"https:\/\/www.souveraenes-digitales-lehren-und-lernen.de\/wp-content\/uploads\/2023\/12\/Cover-Angepasst.jpg 1198w, https:\/\/www.souveraenes-digitales-lehren-und-lernen.de\/wp-content\/uploads\/2023\/12\/Cover-Angepasst-225x225.jpg 225w, https:\/\/www.souveraenes-digitales-lehren-und-lernen.de\/wp-content\/uploads\/2023\/12\/Cover-Angepasst-1022x1024.jpg 1022w, https:\/\/www.souveraenes-digitales-lehren-und-lernen.de\/wp-content\/uploads\/2023\/12\/Cover-Angepasst-150x150.jpg 150w, https:\/\/www.souveraenes-digitales-lehren-und-lernen.de\/wp-content\/uploads\/2023\/12\/Cover-Angepasst-768x769.jpg 768w\" sizes=\"(max-width: 1198px) 100vw, 1198px\" \/><\/div><\/a>\n\t\t\t\t<div class=\"elementor-post__text\">\n\t\t\t\t<h3 class=\"elementor-post__title\">\n\t\t\t<a href=\"https:\/\/www.souveraenes-digitales-lehren-und-lernen.de\/home\/podcast\/podcast-episode-8\/\" target=&quot;_blank&quot;>\n\t\t\t\tEpisode 8: Open Source Systeme im digitalen Campusmanagement\t\t\t<\/a>\n\t\t<\/h3>\n\t\t\t\t\t<div class=\"elementor-post__read-more-wrapper\">\n\t\t\n\t\t<a class=\"elementor-post__read-more\" href=\"https:\/\/www.souveraenes-digitales-lehren-und-lernen.de\/home\/podcast\/podcast-episode-8\/\" aria-label=\"Read more about Episode 8: Open Source Systeme im digitalen Campusmanagement\" tabindex=\"-1\" target=\"_blank\">\n\t\t\tZUM PODCAST\t\t<\/a>\n\n\t\t\t\t\t<\/div>\n\t\t\t\t<\/div>\n\t\t\t\t\t<\/div>\n\t\t<\/article>\n\t\t\t\t<article class=\"elementor-post elementor-grid-item post-9510 podcast type-podcast status-publish has-post-thumbnail hentry\">\n\t\t\t<div class=\"elementor-post__card\">\n\t\t\t\t<a class=\"elementor-post__thumbnail__link\" href=\"https:\/\/www.souveraenes-digitales-lehren-und-lernen.de\/home\/podcast\/podcast-episode-7\/\" tabindex=\"-1\" target=\"_blank\"><div class=\"elementor-post__thumbnail\"><img decoding=\"async\" width=\"1198\" height=\"1200\" src=\"https:\/\/www.souveraenes-digitales-lehren-und-lernen.de\/wp-content\/uploads\/2023\/12\/Cover-Angepasst.jpg\" class=\"attachment-full size-full wp-image-8428\" alt=\"\" srcset=\"https:\/\/www.souveraenes-digitales-lehren-und-lernen.de\/wp-content\/uploads\/2023\/12\/Cover-Angepasst.jpg 1198w, https:\/\/www.souveraenes-digitales-lehren-und-lernen.de\/wp-content\/uploads\/2023\/12\/Cover-Angepasst-225x225.jpg 225w, https:\/\/www.souveraenes-digitales-lehren-und-lernen.de\/wp-content\/uploads\/2023\/12\/Cover-Angepasst-1022x1024.jpg 1022w, https:\/\/www.souveraenes-digitales-lehren-und-lernen.de\/wp-content\/uploads\/2023\/12\/Cover-Angepasst-150x150.jpg 150w, https:\/\/www.souveraenes-digitales-lehren-und-lernen.de\/wp-content\/uploads\/2023\/12\/Cover-Angepasst-768x769.jpg 768w\" sizes=\"(max-width: 1198px) 100vw, 1198px\" \/><\/div><\/a>\n\t\t\t\t<div class=\"elementor-post__text\">\n\t\t\t\t<h3 class=\"elementor-post__title\">\n\t\t\t<a href=\"https:\/\/www.souveraenes-digitales-lehren-und-lernen.de\/home\/podcast\/podcast-episode-7\/\" target=&quot;_blank&quot;>\n\t\t\t\tEpisode 7: Feedback und Evaluation in der digitalen Hochschullehre\t\t\t<\/a>\n\t\t<\/h3>\n\t\t\t\t\t<div class=\"elementor-post__read-more-wrapper\">\n\t\t\n\t\t<a class=\"elementor-post__read-more\" href=\"https:\/\/www.souveraenes-digitales-lehren-und-lernen.de\/home\/podcast\/podcast-episode-7\/\" aria-label=\"Read more about Episode 7: Feedback und Evaluation in der digitalen Hochschullehre\" tabindex=\"-1\" target=\"_blank\">\n\t\t\tZUM PODCAST\t\t<\/a>\n\n\t\t\t\t\t<\/div>\n\t\t\t\t<\/div>\n\t\t\t\t\t<\/div>\n\t\t<\/article>\n\t\t\t\t<article class=\"elementor-post elementor-grid-item post-9394 podcast type-podcast status-publish has-post-thumbnail hentry\">\n\t\t\t<div class=\"elementor-post__card\">\n\t\t\t\t<a class=\"elementor-post__thumbnail__link\" href=\"https:\/\/www.souveraenes-digitales-lehren-und-lernen.de\/home\/podcast\/podcast-episode-6\/\" tabindex=\"-1\" target=\"_blank\"><div class=\"elementor-post__thumbnail\"><img decoding=\"async\" width=\"1198\" height=\"1200\" src=\"https:\/\/www.souveraenes-digitales-lehren-und-lernen.de\/wp-content\/uploads\/2023\/12\/Cover-Angepasst.jpg\" class=\"attachment-full size-full wp-image-8428\" alt=\"\" srcset=\"https:\/\/www.souveraenes-digitales-lehren-und-lernen.de\/wp-content\/uploads\/2023\/12\/Cover-Angepasst.jpg 1198w, https:\/\/www.souveraenes-digitales-lehren-und-lernen.de\/wp-content\/uploads\/2023\/12\/Cover-Angepasst-225x225.jpg 225w, https:\/\/www.souveraenes-digitales-lehren-und-lernen.de\/wp-content\/uploads\/2023\/12\/Cover-Angepasst-1022x1024.jpg 1022w, https:\/\/www.souveraenes-digitales-lehren-und-lernen.de\/wp-content\/uploads\/2023\/12\/Cover-Angepasst-150x150.jpg 150w, https:\/\/www.souveraenes-digitales-lehren-und-lernen.de\/wp-content\/uploads\/2023\/12\/Cover-Angepasst-768x769.jpg 768w\" sizes=\"(max-width: 1198px) 100vw, 1198px\" \/><\/div><\/a>\n\t\t\t\t<div class=\"elementor-post__text\">\n\t\t\t\t<h3 class=\"elementor-post__title\">\n\t\t\t<a href=\"https:\/\/www.souveraenes-digitales-lehren-und-lernen.de\/home\/podcast\/podcast-episode-6\/\" target=&quot;_blank&quot;>\n\t\t\t\tEpisode 6: M\u00f6glichkeiten digitaler Medien in der Studienberatung\t\t\t<\/a>\n\t\t<\/h3>\n\t\t\t\t\t<div class=\"elementor-post__read-more-wrapper\">\n\t\t\n\t\t<a class=\"elementor-post__read-more\" href=\"https:\/\/www.souveraenes-digitales-lehren-und-lernen.de\/home\/podcast\/podcast-episode-6\/\" aria-label=\"Read more about Episode 6: M\u00f6glichkeiten digitaler Medien in der Studienberatung\" tabindex=\"-1\" target=\"_blank\">\n\t\t\tZUM PODCAST\t\t<\/a>\n\n\t\t\t\t\t<\/div>\n\t\t\t\t<\/div>\n\t\t\t\t\t<\/div>\n\t\t<\/article>\n\t\t\t\t<article class=\"elementor-post elementor-grid-item post-9149 podcast type-podcast status-publish has-post-thumbnail hentry\">\n\t\t\t<div class=\"elementor-post__card\">\n\t\t\t\t<a class=\"elementor-post__thumbnail__link\" href=\"https:\/\/www.souveraenes-digitales-lehren-und-lernen.de\/home\/podcast\/podcast-episode-5\/\" tabindex=\"-1\" target=\"_blank\"><div class=\"elementor-post__thumbnail\"><img decoding=\"async\" width=\"1198\" height=\"1200\" src=\"https:\/\/www.souveraenes-digitales-lehren-und-lernen.de\/wp-content\/uploads\/2023\/12\/Cover-Angepasst.jpg\" class=\"attachment-full size-full wp-image-8428\" alt=\"\" srcset=\"https:\/\/www.souveraenes-digitales-lehren-und-lernen.de\/wp-content\/uploads\/2023\/12\/Cover-Angepasst.jpg 1198w, https:\/\/www.souveraenes-digitales-lehren-und-lernen.de\/wp-content\/uploads\/2023\/12\/Cover-Angepasst-225x225.jpg 225w, https:\/\/www.souveraenes-digitales-lehren-und-lernen.de\/wp-content\/uploads\/2023\/12\/Cover-Angepasst-1022x1024.jpg 1022w, https:\/\/www.souveraenes-digitales-lehren-und-lernen.de\/wp-content\/uploads\/2023\/12\/Cover-Angepasst-150x150.jpg 150w, https:\/\/www.souveraenes-digitales-lehren-und-lernen.de\/wp-content\/uploads\/2023\/12\/Cover-Angepasst-768x769.jpg 768w\" sizes=\"(max-width: 1198px) 100vw, 1198px\" \/><\/div><\/a>\n\t\t\t\t<div class=\"elementor-post__text\">\n\t\t\t\t<h3 class=\"elementor-post__title\">\n\t\t\t<a href=\"https:\/\/www.souveraenes-digitales-lehren-und-lernen.de\/home\/podcast\/podcast-episode-5\/\" target=&quot;_blank&quot;>\n\t\t\t\tEpisode 5: \u201ePedagotchi\u201c \u2013 Fallbasiertes Lernen in der P\u00e4diatrie\t\t\t<\/a>\n\t\t<\/h3>\n\t\t\t\t\t<div class=\"elementor-post__read-more-wrapper\">\n\t\t\n\t\t<a class=\"elementor-post__read-more\" href=\"https:\/\/www.souveraenes-digitales-lehren-und-lernen.de\/home\/podcast\/podcast-episode-5\/\" aria-label=\"Read more about Episode 5: \u201ePedagotchi\u201c \u2013 Fallbasiertes Lernen in der P\u00e4diatrie\" tabindex=\"-1\" target=\"_blank\">\n\t\t\tZUM PODCAST\t\t<\/a>\n\n\t\t\t\t\t<\/div>\n\t\t\t\t<\/div>\n\t\t\t\t\t<\/div>\n\t\t<\/article>\n\t\t\t\t<article class=\"elementor-post elementor-grid-item post-9045 podcast type-podcast status-publish has-post-thumbnail hentry\">\n\t\t\t<div class=\"elementor-post__card\">\n\t\t\t\t<a class=\"elementor-post__thumbnail__link\" href=\"https:\/\/www.souveraenes-digitales-lehren-und-lernen.de\/home\/podcast\/podcast-episode-4\/\" tabindex=\"-1\" target=\"_blank\"><div class=\"elementor-post__thumbnail\"><img decoding=\"async\" width=\"1198\" height=\"1200\" src=\"https:\/\/www.souveraenes-digitales-lehren-und-lernen.de\/wp-content\/uploads\/2023\/12\/Cover-Angepasst.jpg\" class=\"attachment-full size-full wp-image-8428\" alt=\"\" srcset=\"https:\/\/www.souveraenes-digitales-lehren-und-lernen.de\/wp-content\/uploads\/2023\/12\/Cover-Angepasst.jpg 1198w, https:\/\/www.souveraenes-digitales-lehren-und-lernen.de\/wp-content\/uploads\/2023\/12\/Cover-Angepasst-225x225.jpg 225w, https:\/\/www.souveraenes-digitales-lehren-und-lernen.de\/wp-content\/uploads\/2023\/12\/Cover-Angepasst-1022x1024.jpg 1022w, https:\/\/www.souveraenes-digitales-lehren-und-lernen.de\/wp-content\/uploads\/2023\/12\/Cover-Angepasst-150x150.jpg 150w, https:\/\/www.souveraenes-digitales-lehren-und-lernen.de\/wp-content\/uploads\/2023\/12\/Cover-Angepasst-768x769.jpg 768w\" sizes=\"(max-width: 1198px) 100vw, 1198px\" \/><\/div><\/a>\n\t\t\t\t<div class=\"elementor-post__text\">\n\t\t\t\t<h3 class=\"elementor-post__title\">\n\t\t\t<a href=\"https:\/\/www.souveraenes-digitales-lehren-und-lernen.de\/home\/podcast\/podcast-episode-4\/\" target=&quot;_blank&quot;>\n\t\t\t\tEpisode 4: Open Source Software (OSS) und ihre Bedeutung f\u00fcr Hochschulen\t\t\t<\/a>\n\t\t<\/h3>\n\t\t\t\t\t<div class=\"elementor-post__read-more-wrapper\">\n\t\t\n\t\t<a class=\"elementor-post__read-more\" href=\"https:\/\/www.souveraenes-digitales-lehren-und-lernen.de\/home\/podcast\/podcast-episode-4\/\" aria-label=\"Read more about Episode 4: Open Source Software (OSS) und ihre Bedeutung f\u00fcr Hochschulen\" tabindex=\"-1\" target=\"_blank\">\n\t\t\tZUM PODCAST\t\t<\/a>\n\n\t\t\t\t\t<\/div>\n\t\t\t\t<\/div>\n\t\t\t\t\t<\/div>\n\t\t<\/article>\n\t\t\t\t<article class=\"elementor-post elementor-grid-item post-8788 podcast type-podcast status-publish has-post-thumbnail hentry\">\n\t\t\t<div class=\"elementor-post__card\">\n\t\t\t\t<a class=\"elementor-post__thumbnail__link\" href=\"https:\/\/www.souveraenes-digitales-lehren-und-lernen.de\/home\/podcast\/podcast-episode-3\/\" tabindex=\"-1\" target=\"_blank\"><div class=\"elementor-post__thumbnail\"><img decoding=\"async\" width=\"1198\" height=\"1200\" src=\"https:\/\/www.souveraenes-digitales-lehren-und-lernen.de\/wp-content\/uploads\/2023\/12\/Cover-Angepasst.jpg\" class=\"attachment-full size-full wp-image-8428\" alt=\"\" srcset=\"https:\/\/www.souveraenes-digitales-lehren-und-lernen.de\/wp-content\/uploads\/2023\/12\/Cover-Angepasst.jpg 1198w, https:\/\/www.souveraenes-digitales-lehren-und-lernen.de\/wp-content\/uploads\/2023\/12\/Cover-Angepasst-225x225.jpg 225w, https:\/\/www.souveraenes-digitales-lehren-und-lernen.de\/wp-content\/uploads\/2023\/12\/Cover-Angepasst-1022x1024.jpg 1022w, https:\/\/www.souveraenes-digitales-lehren-und-lernen.de\/wp-content\/uploads\/2023\/12\/Cover-Angepasst-150x150.jpg 150w, https:\/\/www.souveraenes-digitales-lehren-und-lernen.de\/wp-content\/uploads\/2023\/12\/Cover-Angepasst-768x769.jpg 768w\" sizes=\"(max-width: 1198px) 100vw, 1198px\" \/><\/div><\/a>\n\t\t\t\t<div class=\"elementor-post__text\">\n\t\t\t\t<h3 class=\"elementor-post__title\">\n\t\t\t<a href=\"https:\/\/www.souveraenes-digitales-lehren-und-lernen.de\/home\/podcast\/podcast-episode-3\/\" target=&quot;_blank&quot;>\n\t\t\t\tEpisode 3: Rechtsfragen bei Online-Pr\u00fcfungen\t\t\t<\/a>\n\t\t<\/h3>\n\t\t\t\t\t<div class=\"elementor-post__read-more-wrapper\">\n\t\t\n\t\t<a class=\"elementor-post__read-more\" href=\"https:\/\/www.souveraenes-digitales-lehren-und-lernen.de\/home\/podcast\/podcast-episode-3\/\" aria-label=\"Read more about Episode 3: Rechtsfragen bei Online-Pr\u00fcfungen\" tabindex=\"-1\" target=\"_blank\">\n\t\t\tZUM PODCAST\t\t<\/a>\n\n\t\t\t\t\t<\/div>\n\t\t\t\t<\/div>\n\t\t\t\t\t<\/div>\n\t\t<\/article>\n\t\t\t\t<article class=\"elementor-post elementor-grid-item post-8444 podcast type-podcast status-publish has-post-thumbnail hentry\">\n\t\t\t<div class=\"elementor-post__card\">\n\t\t\t\t<a class=\"elementor-post__thumbnail__link\" href=\"https:\/\/www.souveraenes-digitales-lehren-und-lernen.de\/home\/podcast\/podcast-episode-2\/\" tabindex=\"-1\" target=\"_blank\"><div class=\"elementor-post__thumbnail\"><img decoding=\"async\" width=\"1198\" height=\"1200\" src=\"https:\/\/www.souveraenes-digitales-lehren-und-lernen.de\/wp-content\/uploads\/2023\/12\/Cover-Angepasst.jpg\" class=\"attachment-full size-full wp-image-8428\" alt=\"\" srcset=\"https:\/\/www.souveraenes-digitales-lehren-und-lernen.de\/wp-content\/uploads\/2023\/12\/Cover-Angepasst.jpg 1198w, https:\/\/www.souveraenes-digitales-lehren-und-lernen.de\/wp-content\/uploads\/2023\/12\/Cover-Angepasst-225x225.jpg 225w, https:\/\/www.souveraenes-digitales-lehren-und-lernen.de\/wp-content\/uploads\/2023\/12\/Cover-Angepasst-1022x1024.jpg 1022w, https:\/\/www.souveraenes-digitales-lehren-und-lernen.de\/wp-content\/uploads\/2023\/12\/Cover-Angepasst-150x150.jpg 150w, https:\/\/www.souveraenes-digitales-lehren-und-lernen.de\/wp-content\/uploads\/2023\/12\/Cover-Angepasst-768x769.jpg 768w\" sizes=\"(max-width: 1198px) 100vw, 1198px\" \/><\/div><\/a>\n\t\t\t\t<div class=\"elementor-post__text\">\n\t\t\t\t<h3 class=\"elementor-post__title\">\n\t\t\t<a href=\"https:\/\/www.souveraenes-digitales-lehren-und-lernen.de\/home\/podcast\/podcast-episode-2\/\" target=&quot;_blank&quot;>\n\t\t\t\tEpisode 2: Digital unterst\u00fctzte Lehre\t\t\t<\/a>\n\t\t<\/h3>\n\t\t\t\t\t<div class=\"elementor-post__read-more-wrapper\">\n\t\t\n\t\t<a class=\"elementor-post__read-more\" href=\"https:\/\/www.souveraenes-digitales-lehren-und-lernen.de\/home\/podcast\/podcast-episode-2\/\" aria-label=\"Read more about Episode 2: Digital unterst\u00fctzte Lehre\" tabindex=\"-1\" target=\"_blank\">\n\t\t\tZUM PODCAST\t\t<\/a>\n\n\t\t\t\t\t<\/div>\n\t\t\t\t<\/div>\n\t\t\t\t\t<\/div>\n\t\t<\/article>\n\t\t\t\t<article class=\"elementor-post elementor-grid-item post-8343 podcast type-podcast status-publish has-post-thumbnail hentry\">\n\t\t\t<div class=\"elementor-post__card\">\n\t\t\t\t<a class=\"elementor-post__thumbnail__link\" href=\"https:\/\/www.souveraenes-digitales-lehren-und-lernen.de\/home\/podcast\/podcast-episode-1\/\" tabindex=\"-1\" target=\"_blank\"><div class=\"elementor-post__thumbnail\"><img decoding=\"async\" width=\"1198\" height=\"1200\" src=\"https:\/\/www.souveraenes-digitales-lehren-und-lernen.de\/wp-content\/uploads\/2023\/12\/Cover-Angepasst.jpg\" class=\"attachment-full size-full wp-image-8428\" alt=\"\" srcset=\"https:\/\/www.souveraenes-digitales-lehren-und-lernen.de\/wp-content\/uploads\/2023\/12\/Cover-Angepasst.jpg 1198w, https:\/\/www.souveraenes-digitales-lehren-und-lernen.de\/wp-content\/uploads\/2023\/12\/Cover-Angepasst-225x225.jpg 225w, https:\/\/www.souveraenes-digitales-lehren-und-lernen.de\/wp-content\/uploads\/2023\/12\/Cover-Angepasst-1022x1024.jpg 1022w, https:\/\/www.souveraenes-digitales-lehren-und-lernen.de\/wp-content\/uploads\/2023\/12\/Cover-Angepasst-150x150.jpg 150w, https:\/\/www.souveraenes-digitales-lehren-und-lernen.de\/wp-content\/uploads\/2023\/12\/Cover-Angepasst-768x769.jpg 768w\" sizes=\"(max-width: 1198px) 100vw, 1198px\" \/><\/div><\/a>\n\t\t\t\t<div class=\"elementor-post__text\">\n\t\t\t\t<h3 class=\"elementor-post__title\">\n\t\t\t<a href=\"https:\/\/www.souveraenes-digitales-lehren-und-lernen.de\/home\/podcast\/podcast-episode-1\/\" target=&quot;_blank&quot;>\n\t\t\t\tEpisode 1: Was ist das Projekt \u201eSouver@nes digitales Lehren und Lernen in Niedersachsen (SOUVER@N)\u201c?\t\t\t<\/a>\n\t\t<\/h3>\n\t\t\t\t\t<div class=\"elementor-post__read-more-wrapper\">\n\t\t\n\t\t<a class=\"elementor-post__read-more\" href=\"https:\/\/www.souveraenes-digitales-lehren-und-lernen.de\/home\/podcast\/podcast-episode-1\/\" aria-label=\"Read more about Episode 1: Was ist das Projekt \u201eSouver@nes digitales Lehren und Lernen in Niedersachsen (SOUVER@N)\u201c?\" tabindex=\"-1\" target=\"_blank\">\n\t\t\tZUM PODCAST\t\t<\/a>\n\n\t\t\t\t\t<\/div>\n\t\t\t\t<\/div>\n\t\t\t\t\t<\/div>\n\t\t<\/article>\n\t\t\t\t<\/div>\n\t\t\t\t\t<span class=\"e-load-more-spinner\">\n\t\t\t\t<i aria-hidden=\"true\" class=\"fas fa-spinner\"><\/i>\t\t\t<\/span>\n\t\t\n\t\t\t\t\t\t<\/div>\n\t\t\t\t<\/div>\n\t\t\t\t\t<\/div>\n\t\t\t\t<\/div>\n\t\t\t\t<\/div>\n\t\t","protected":false},"excerpt":{"rendered":"<p>Das Verbundprojekt Souver@n hat sich zum Ziel gesetzt, die Digitalisierung in der Hochschullehre zu st\u00e4rken. In unserer Podcastreihe sprechen wir vom Team Kommunikation mit Expert:innen<\/p>\n","protected":false},"author":1,"featured_media":0,"parent":0,"menu_order":0,"comment_status":"closed","ping_status":"closed","template":"","meta":{"footnotes":"","_links_to":"","_links_to_target":""},"class_list":["post-6823","page","type-page","status-publish","hentry"],"_links":{"self":[{"href":"https:\/\/www.souveraenes-digitales-lehren-und-lernen.de\/home\/wp-json\/wp\/v2\/pages\/6823","targetHints":{"allow":["GET"]}}],"collection":[{"href":"https:\/\/www.souveraenes-digitales-lehren-und-lernen.de\/home\/wp-json\/wp\/v2\/pages"}],"about":[{"href":"https:\/\/www.souveraenes-digitales-lehren-und-lernen.de\/home\/wp-json\/wp\/v2\/types\/page"}],"author":[{"embeddable":true,"href":"https:\/\/www.souveraenes-digitales-lehren-und-lernen.de\/home\/wp-json\/wp\/v2\/users\/1"}],"replies":[{"embeddable":true,"href":"https:\/\/www.souveraenes-digitales-lehren-und-lernen.de\/home\/wp-json\/wp\/v2\/comments?post=6823"}],"version-history":[{"count":43,"href":"https:\/\/www.souveraenes-digitales-lehren-und-lernen.de\/home\/wp-json\/wp\/v2\/pages\/6823\/revisions"}],"predecessor-version":[{"id":15854,"href":"https:\/\/www.souveraenes-digitales-lehren-und-lernen.de\/home\/wp-json\/wp\/v2\/pages\/6823\/revisions\/15854"}],"wp:attachment":[{"href":"https:\/\/www.souveraenes-digitales-lehren-und-lernen.de\/home\/wp-json\/wp\/v2\/media?parent=6823"}],"curies":[{"name":"wp","href":"https:\/\/api.w.org\/{rel}","templated":true}]}}