{"id":10543,"date":"2020-09-04T13:27:15","date_gmt":"2020-09-04T11:27:15","guid":{"rendered":"https:\/\/www.souveraenes-digitales-lehren-und-lernen.de\/home\/?page_id=10543"},"modified":"2025-02-27T10:18:09","modified_gmt":"2025-02-27T09:18:09","slug":"digitale-tools","status":"publish","type":"digitale_lehre","link":"https:\/\/www.souveraenes-digitales-lehren-und-lernen.de\/home\/digitale_lehre\/digitale-tools\/","title":{"rendered":"Digitale Tools"},"content":{"rendered":"\t\t<div data-elementor-type=\"wp-page\" data-elementor-id=\"10543\" class=\"elementor elementor-10543\" data-elementor-post-type=\"digitale_lehre\">\n\t\t\t\t<div class=\"elementor-element elementor-element-3a96c39 e-flex e-con-boxed e-con e-parent\" data-id=\"3a96c39\" data-element_type=\"container\" data-e-type=\"container\">\n\t\t\t\t\t<div class=\"e-con-inner\">\n\t\t\t\t<div class=\"elementor-element elementor-element-5d7b216 elementor-widget elementor-widget-spacer\" data-id=\"5d7b216\" data-element_type=\"widget\" data-e-type=\"widget\" data-widget_type=\"spacer.default\">\n\t\t\t\t<div class=\"elementor-widget-container\">\n\t\t\t\t\t\t\t<div class=\"elementor-spacer\">\n\t\t\t<div class=\"elementor-spacer-inner\"><\/div>\n\t\t<\/div>\n\t\t\t\t\t\t<\/div>\n\t\t\t\t<\/div>\n\t\t\t\t<div class=\"elementor-element elementor-element-f30af96 elementor-widget elementor-widget-heading\" data-id=\"f30af96\" data-element_type=\"widget\" data-e-type=\"widget\" data-widget_type=\"heading.default\">\n\t\t\t\t<div class=\"elementor-widget-container\">\n\t\t\t\t\t<h2 class=\"elementor-heading-title elementor-size-default\">Digitale Tools<\/h2>\t\t\t\t<\/div>\n\t\t\t\t<\/div>\n\t\t\t\t<div class=\"elementor-element elementor-element-4898d21 elementor-widget elementor-widget-text-editor\" data-id=\"4898d21\" data-element_type=\"widget\" data-e-type=\"widget\" data-widget_type=\"text-editor.default\">\n\t\t\t\t<div class=\"elementor-widget-container\">\n\t\t\t\t\t\t\t\t\t<p style=\"font-weight: 400;\">Zur Ausgestaltung des digitalen bzw. digital unterst\u00fctzten (Lehr-)Betriebes an Hochschulen sowie zur digitalen (Zusammen-)Arbeit liegen mittlerweile zahlreiche digitale Werkzeuge vor. Eine Beschreibung ausgew\u00e4hlter digitaler Tools, Hinweise zu m\u00f6glichen Einsatzszenarien sowie wertvolle Hilfestellungen bei der Auswahl geeigneter Werkzeuge zur Gestaltung digitaler bzw. digital unterst\u00fctzter Lehre sind in diesem Bereich f\u00fcr Sie zusammengestellt.<\/p>\t\t\t\t\t\t\t\t<\/div>\n\t\t\t\t<\/div>\n\t\t\t\t\t<\/div>\n\t\t\t\t<\/div>\n\t\t<div class=\"elementor-element elementor-element-103aa52 e-flex e-con-boxed e-con e-parent\" data-id=\"103aa52\" data-element_type=\"container\" data-e-type=\"container\">\n\t\t\t\t\t<div class=\"e-con-inner\">\n\t\t\t\t<div class=\"elementor-element elementor-element-61363ab elementor-posts__hover-none elementor-grid-2 elementor-grid-tablet-2 elementor-grid-mobile-1 elementor-posts--thumbnail-top elementor-widget elementor-widget-posts\" data-id=\"61363ab\" data-element_type=\"widget\" data-e-type=\"widget\" data-settings=\"{&quot;pagination_type&quot;:&quot;load_more_infinite_scroll&quot;,&quot;cards_columns&quot;:&quot;2&quot;,&quot;cards_columns_tablet&quot;:&quot;2&quot;,&quot;cards_columns_mobile&quot;:&quot;1&quot;,&quot;cards_row_gap&quot;:{&quot;unit&quot;:&quot;px&quot;,&quot;size&quot;:35,&quot;sizes&quot;:[]},&quot;cards_row_gap_tablet&quot;:{&quot;unit&quot;:&quot;px&quot;,&quot;size&quot;:&quot;&quot;,&quot;sizes&quot;:[]},&quot;cards_row_gap_mobile&quot;:{&quot;unit&quot;:&quot;px&quot;,&quot;size&quot;:&quot;&quot;,&quot;sizes&quot;:[]},&quot;load_more_spinner&quot;:{&quot;value&quot;:&quot;fas fa-spinner&quot;,&quot;library&quot;:&quot;fa-solid&quot;}}\" data-widget_type=\"posts.cards\">\n\t\t\t\t<div class=\"elementor-widget-container\">\n\t\t\t\t\t\t\t<div class=\"elementor-posts-container elementor-posts elementor-posts--skin-cards elementor-grid\">\n\t\t\t\t<article class=\"elementor-post elementor-grid-item post-14783 digitale_tools type-digitale_tools status-publish has-post-thumbnail hentry\">\n\t\t\t<div class=\"elementor-post__card\">\n\t\t\t\t<a class=\"elementor-post__thumbnail__link\" href=\"https:\/\/www.souveraenes-digitales-lehren-und-lernen.de\/home\/digitale_tools\/souveraene-vorlage\/\" tabindex=\"-1\" ><div class=\"elementor-post__thumbnail\"><img fetchpriority=\"high\" decoding=\"async\" width=\"1071\" height=\"274\" src=\"https:\/\/www.souveraenes-digitales-lehren-und-lernen.de\/wp-content\/uploads\/2025\/03\/souv\u2013vorlage-digi.png\" class=\"attachment-full size-full wp-image-14977\" alt=\"\" srcset=\"https:\/\/www.souveraenes-digitales-lehren-und-lernen.de\/wp-content\/uploads\/2025\/03\/souv\u2013vorlage-digi.png 1071w, https:\/\/www.souveraenes-digitales-lehren-und-lernen.de\/wp-content\/uploads\/2025\/03\/souv\u2013vorlage-digi-225x58.png 225w, https:\/\/www.souveraenes-digitales-lehren-und-lernen.de\/wp-content\/uploads\/2025\/03\/souv\u2013vorlage-digi-1024x262.png 1024w, https:\/\/www.souveraenes-digitales-lehren-und-lernen.de\/wp-content\/uploads\/2025\/03\/souv\u2013vorlage-digi-768x196.png 768w\" sizes=\"(max-width: 1071px) 100vw, 1071px\" \/><\/div><\/a>\n\t\t\t\t<div class=\"elementor-post__text\">\n\t\t\t\t<h3 class=\"elementor-post__title\">\n\t\t\t<a href=\"https:\/\/www.souveraenes-digitales-lehren-und-lernen.de\/home\/digitale_tools\/souveraene-vorlage\/\" >\n\t\t\t\tDie Souver@ne Vorlage dient der hochschul\u00fcbergreifenden Optimierung und Neuentwicklung von Tools. Anforderungen und Bedarfe k\u00f6nnen hier mit den Serviceeinrichtungen anderer Hochschulen abgestimmt und in die Entwicklung gegeben werden.\t\t\t<\/a>\n\t\t<\/h3>\n\t\t\t\t\t<div class=\"elementor-post__read-more-wrapper\">\n\t\t\n\t\t<a class=\"elementor-post__read-more\" href=\"https:\/\/www.souveraenes-digitales-lehren-und-lernen.de\/home\/digitale_tools\/souveraene-vorlage\/\" aria-label=\"Read more about Die Souver@ne Vorlage dient der hochschul\u00fcbergreifenden Optimierung und Neuentwicklung von Tools. Anforderungen und Bedarfe k\u00f6nnen hier mit den Serviceeinrichtungen anderer Hochschulen abgestimmt und in die Entwicklung gegeben werden.\" tabindex=\"-1\" >\n\t\t\tWeiter \u00bb\t\t<\/a>\n\n\t\t\t\t\t<\/div>\n\t\t\t\t<\/div>\n\t\t\t\t\t<\/div>\n\t\t<\/article>\n\t\t\t\t<article class=\"elementor-post elementor-grid-item post-10534 digitale_tools type-digitale_tools status-publish has-post-thumbnail hentry\">\n\t\t\t<div class=\"elementor-post__card\">\n\t\t\t\t<a class=\"elementor-post__thumbnail__link\" href=\"https:\/\/www.souveraenes-digitales-lehren-und-lernen.de\/home\/digitale_tools\/empirische-befunde\/\" tabindex=\"-1\" ><div class=\"elementor-post__thumbnail\"><img decoding=\"async\" width=\"1071\" height=\"274\" src=\"https:\/\/www.souveraenes-digitales-lehren-und-lernen.de\/wp-content\/uploads\/2024\/09\/empirische-Befunde-Banner.jpg\" class=\"attachment-full size-full wp-image-12941\" alt=\"\" srcset=\"https:\/\/www.souveraenes-digitales-lehren-und-lernen.de\/wp-content\/uploads\/2024\/09\/empirische-Befunde-Banner.jpg 1071w, https:\/\/www.souveraenes-digitales-lehren-und-lernen.de\/wp-content\/uploads\/2024\/09\/empirische-Befunde-Banner-225x58.jpg 225w, https:\/\/www.souveraenes-digitales-lehren-und-lernen.de\/wp-content\/uploads\/2024\/09\/empirische-Befunde-Banner-1024x262.jpg 1024w, https:\/\/www.souveraenes-digitales-lehren-und-lernen.de\/wp-content\/uploads\/2024\/09\/empirische-Befunde-Banner-768x196.jpg 768w\" sizes=\"(max-width: 1071px) 100vw, 1071px\" \/><\/div><\/a>\n\t\t\t\t<div class=\"elementor-post__text\">\n\t\t\t\t<h3 class=\"elementor-post__title\">\n\t\t\t<a href=\"https:\/\/www.souveraenes-digitales-lehren-und-lernen.de\/home\/digitale_tools\/empirische-befunde\/\" >\n\t\t\t\tSOUVER@N f\u00fchrte Befragungen durch, in denen Lehrende, Studierende sowie Service- und Support-Mitarbeitende nds. Hochschulen u.a. \u00fcber ihre Erfahrungen, Erwartungen, W\u00fcnsche, (Unterst\u00fctzungs-)Bedarfe bzw. \u00fcber subjektive Wahrnehmungen berichten.\t\t\t<\/a>\n\t\t<\/h3>\n\t\t\t\t\t<div class=\"elementor-post__read-more-wrapper\">\n\t\t\n\t\t<a class=\"elementor-post__read-more\" href=\"https:\/\/www.souveraenes-digitales-lehren-und-lernen.de\/home\/digitale_tools\/empirische-befunde\/\" aria-label=\"Read more about SOUVER@N f\u00fchrte Befragungen durch, in denen Lehrende, Studierende sowie Service- und Support-Mitarbeitende nds. Hochschulen u.a. \u00fcber ihre Erfahrungen, Erwartungen, W\u00fcnsche, (Unterst\u00fctzungs-)Bedarfe bzw. \u00fcber subjektive Wahrnehmungen berichten.\" tabindex=\"-1\" >\n\t\t\tWeiter \u00bb\t\t<\/a>\n\n\t\t\t\t\t<\/div>\n\t\t\t\t<\/div>\n\t\t\t\t\t<\/div>\n\t\t<\/article>\n\t\t\t\t<article class=\"elementor-post elementor-grid-item post-4702 digitale_tools type-digitale_tools status-publish has-post-thumbnail hentry\">\n\t\t\t<div class=\"elementor-post__card\">\n\t\t\t\t<a class=\"elementor-post__thumbnail__link\" href=\"https:\/\/www.souveraenes-digitales-lehren-und-lernen.de\/home\/digitale_tools\/souveraene-toolsammlung\/\" tabindex=\"-1\" ><div class=\"elementor-post__thumbnail\"><img decoding=\"async\" width=\"2499\" height=\"639\" src=\"https:\/\/www.souveraenes-digitales-lehren-und-lernen.de\/wp-content\/uploads\/2023\/09\/banner2.jpg\" class=\"attachment-full size-full wp-image-14778\" alt=\"\" srcset=\"https:\/\/www.souveraenes-digitales-lehren-und-lernen.de\/wp-content\/uploads\/2023\/09\/banner2.jpg 2499w, https:\/\/www.souveraenes-digitales-lehren-und-lernen.de\/wp-content\/uploads\/2023\/09\/banner2-225x58.jpg 225w, https:\/\/www.souveraenes-digitales-lehren-und-lernen.de\/wp-content\/uploads\/2023\/09\/banner2-1024x262.jpg 1024w, https:\/\/www.souveraenes-digitales-lehren-und-lernen.de\/wp-content\/uploads\/2023\/09\/banner2-768x196.jpg 768w, https:\/\/www.souveraenes-digitales-lehren-und-lernen.de\/wp-content\/uploads\/2023\/09\/banner2-1536x393.jpg 1536w, https:\/\/www.souveraenes-digitales-lehren-und-lernen.de\/wp-content\/uploads\/2023\/09\/banner2-2048x524.jpg 2048w\" sizes=\"(max-width: 2499px) 100vw, 2499px\" \/><\/div><\/a>\n\t\t\t\t<div class=\"elementor-post__text\">\n\t\t\t\t<h3 class=\"elementor-post__title\">\n\t\t\t<a href=\"https:\/\/www.souveraenes-digitales-lehren-und-lernen.de\/home\/digitale_tools\/souveraene-toolsammlung\/\" >\n\t\t\t\tDie Souver@ne Toolsammlung ist ein vom SOUVER@N-Team entwickeltes Hilfsmittel zur Auswahl digitaler Tools in der Hochschullehre. Die Sammlung bietet Lehrenden, Mitarbeitenden in Service- und Supporteinrichtungen und anderen Interessierten einen \u00dcberblick \u00fcber etablierte digitale Tools.\t\t\t<\/a>\n\t\t<\/h3>\n\t\t\t\t\t<div class=\"elementor-post__read-more-wrapper\">\n\t\t\n\t\t<a class=\"elementor-post__read-more\" href=\"https:\/\/www.souveraenes-digitales-lehren-und-lernen.de\/home\/digitale_tools\/souveraene-toolsammlung\/\" aria-label=\"Read more about Die Souver@ne Toolsammlung ist ein vom SOUVER@N-Team entwickeltes Hilfsmittel zur Auswahl digitaler Tools in der Hochschullehre. Die Sammlung bietet Lehrenden, Mitarbeitenden in Service- und Supporteinrichtungen und anderen Interessierten einen \u00dcberblick \u00fcber etablierte digitale Tools.\" tabindex=\"-1\" >\n\t\t\tWeiter \u00bb\t\t<\/a>\n\n\t\t\t\t\t<\/div>\n\t\t\t\t<\/div>\n\t\t\t\t\t<\/div>\n\t\t<\/article>\n\t\t\t\t<article class=\"elementor-post elementor-grid-item post-7847 digitale_tools type-digitale_tools status-publish has-post-thumbnail hentry\">\n\t\t\t<div class=\"elementor-post__card\">\n\t\t\t\t<a class=\"elementor-post__thumbnail__link\" href=\"https:\/\/www.souveraenes-digitales-lehren-und-lernen.de\/home\/digitale_tools\/tipps-und-tricks\/\" tabindex=\"-1\" ><div class=\"elementor-post__thumbnail\"><img loading=\"lazy\" decoding=\"async\" width=\"2677\" height=\"685\" src=\"https:\/\/www.souveraenes-digitales-lehren-und-lernen.de\/wp-content\/uploads\/2022\/10\/Digitale-Tools_banner3.png\" class=\"attachment-full size-full wp-image-11641\" alt=\"\" srcset=\"https:\/\/www.souveraenes-digitales-lehren-und-lernen.de\/wp-content\/uploads\/2022\/10\/Digitale-Tools_banner3.png 2677w, https:\/\/www.souveraenes-digitales-lehren-und-lernen.de\/wp-content\/uploads\/2022\/10\/Digitale-Tools_banner3-225x58.png 225w, https:\/\/www.souveraenes-digitales-lehren-und-lernen.de\/wp-content\/uploads\/2022\/10\/Digitale-Tools_banner3-1024x262.png 1024w, https:\/\/www.souveraenes-digitales-lehren-und-lernen.de\/wp-content\/uploads\/2022\/10\/Digitale-Tools_banner3-768x197.png 768w, https:\/\/www.souveraenes-digitales-lehren-und-lernen.de\/wp-content\/uploads\/2022\/10\/Digitale-Tools_banner3-1536x393.png 1536w, https:\/\/www.souveraenes-digitales-lehren-und-lernen.de\/wp-content\/uploads\/2022\/10\/Digitale-Tools_banner3-2048x524.png 2048w\" sizes=\"(max-width: 2677px) 100vw, 2677px\" \/><\/div><\/a>\n\t\t\t\t<div class=\"elementor-post__text\">\n\t\t\t\t<h3 class=\"elementor-post__title\">\n\t\t\t<a href=\"https:\/\/www.souveraenes-digitales-lehren-und-lernen.de\/home\/digitale_tools\/tipps-und-tricks\/\" >\n\t\t\t\tIn dieser Rubrik stellen Mitarbeitende des Verbundprojektes SOUVER@N digitale Tools vor, die aus ihrer pers\u00f6nlichen Sicht besonders geeignet sind f\u00fcr den Einsatz in der digital gest\u00fctzten Lehre, f\u00fcr die Gestaltung der digitalen (Zusammen-)Arbeit und f\u00fcr die Erleichterung des Arbeitsalltags.\t\t\t<\/a>\n\t\t<\/h3>\n\t\t\t\t\t<div class=\"elementor-post__read-more-wrapper\">\n\t\t\n\t\t<a class=\"elementor-post__read-more\" href=\"https:\/\/www.souveraenes-digitales-lehren-und-lernen.de\/home\/digitale_tools\/tipps-und-tricks\/\" aria-label=\"Read more about In dieser Rubrik stellen Mitarbeitende des Verbundprojektes SOUVER@N digitale Tools vor, die aus ihrer pers\u00f6nlichen Sicht besonders geeignet sind f\u00fcr den Einsatz in der digital gest\u00fctzten Lehre, f\u00fcr die Gestaltung der digitalen (Zusammen-)Arbeit und f\u00fcr die Erleichterung des Arbeitsalltags.\" tabindex=\"-1\" >\n\t\t\tWeiter \u00bb\t\t<\/a>\n\n\t\t\t\t\t<\/div>\n\t\t\t\t<\/div>\n\t\t\t\t\t<\/div>\n\t\t<\/article>\n\t\t\t\t<\/div>\n\t\t\t\t\t<span class=\"e-load-more-spinner\">\n\t\t\t\t<i aria-hidden=\"true\" class=\"fas fa-spinner\"><\/i>\t\t\t<\/span>\n\t\t\n\t\t\t\t\t\t<\/div>\n\t\t\t\t<\/div>\n\t\t\t\t\t<\/div>\n\t\t\t\t<\/div>\n\t\t\t\t<\/div>\n\t\t","protected":false},"featured_media":13653,"template":"","meta":{"_links_to":"","_links_to_target":""},"class_list":["post-10543","digitale_lehre","type-digitale_lehre","status-publish","has-post-thumbnail","hentry"],"_links":{"self":[{"href":"https:\/\/www.souveraenes-digitales-lehren-und-lernen.de\/home\/wp-json\/wp\/v2\/digitale_lehre\/10543","targetHints":{"allow":["GET"]}}],"collection":[{"href":"https:\/\/www.souveraenes-digitales-lehren-und-lernen.de\/home\/wp-json\/wp\/v2\/digitale_lehre"}],"about":[{"href":"https:\/\/www.souveraenes-digitales-lehren-und-lernen.de\/home\/wp-json\/wp\/v2\/types\/digitale_lehre"}],"version-history":[{"count":33,"href":"https:\/\/www.souveraenes-digitales-lehren-und-lernen.de\/home\/wp-json\/wp\/v2\/digitale_lehre\/10543\/revisions"}],"predecessor-version":[{"id":13652,"href":"https:\/\/www.souveraenes-digitales-lehren-und-lernen.de\/home\/wp-json\/wp\/v2\/digitale_lehre\/10543\/revisions\/13652"}],"wp:featuredmedia":[{"embeddable":true,"href":"https:\/\/www.souveraenes-digitales-lehren-und-lernen.de\/home\/wp-json\/wp\/v2\/media\/13653"}],"wp:attachment":[{"href":"https:\/\/www.souveraenes-digitales-lehren-und-lernen.de\/home\/wp-json\/wp\/v2\/media?parent=10543"}],"curies":[{"name":"wp","href":"https:\/\/api.w.org\/{rel}","templated":true}]}}