{"id":10618,"date":"2024-09-04T14:17:32","date_gmt":"2024-09-04T12:17:32","guid":{"rendered":"https:\/\/www.souveraenes-digitales-lehren-und-lernen.de\/home\/didaktik\/lehr-lernkonzepte-sammlung-copy\/"},"modified":"2024-11-07T17:42:06","modified_gmt":"2024-11-07T16:42:06","slug":"rechtsrahmen-in-der-digitalen-lehre","status":"publish","type":"didaktik","link":"https:\/\/www.souveraenes-digitales-lehren-und-lernen.de\/home\/didaktik\/rechtsrahmen-in-der-digitalen-lehre\/","title":{"rendered":"Datenschutzkonforme Tools, Bildrechte in Pr\u00e4sentationen, Online-Pr\u00fcfungsordnungen, DSGVO-Verordnung oder auch KI-Generatoren in Studium, Lehre und Pr\u00fcfung sind nur einige Themen, \u00fcber die im Rahmen von SOUVER@N aufgekl\u00e4rt wird."},"content":{"rendered":"\t\t<div data-elementor-type=\"wp-post\" data-elementor-id=\"10618\" class=\"elementor elementor-10618\" data-elementor-post-type=\"didaktik\">\n\t\t\t\t<div class=\"elementor-element elementor-element-d6deb10 e-flex e-con-boxed e-con e-parent\" data-id=\"d6deb10\" data-element_type=\"container\" data-e-type=\"container\">\n\t\t\t\t\t<div class=\"e-con-inner\">\n\t\t\t\t<div class=\"elementor-element elementor-element-1cbcea8 elementor-widget elementor-widget-spacer\" data-id=\"1cbcea8\" data-element_type=\"widget\" data-e-type=\"widget\" data-widget_type=\"spacer.default\">\n\t\t\t\t<div class=\"elementor-widget-container\">\n\t\t\t\t\t\t\t<div class=\"elementor-spacer\">\n\t\t\t<div class=\"elementor-spacer-inner\"><\/div>\n\t\t<\/div>\n\t\t\t\t\t\t<\/div>\n\t\t\t\t<\/div>\n\t\t\t\t<div class=\"elementor-element elementor-element-4887c70 elementor-widget elementor-widget-heading\" data-id=\"4887c70\" data-element_type=\"widget\" data-e-type=\"widget\" data-widget_type=\"heading.default\">\n\t\t\t\t<div class=\"elementor-widget-container\">\n\t\t\t\t\t<h2 class=\"elementor-heading-title elementor-size-default\">Rechtsrahmen in der digitalen Lehre<\/h2>\t\t\t\t<\/div>\n\t\t\t\t<\/div>\n\t\t\t\t<div class=\"elementor-element elementor-element-7ecbe08 elementor-widget elementor-widget-text-editor\" data-id=\"7ecbe08\" data-element_type=\"widget\" data-e-type=\"widget\" data-widget_type=\"text-editor.default\">\n\t\t\t\t<div class=\"elementor-widget-container\">\n\t\t\t\t\t\t\t\t\t<p style=\"font-weight: 400;\">Die Digitalisierung der Hochschullehre stellt Mitarbeitende, aber auch Studierende, vor diverse rechtliche Herausforderungen. Datenschutzkonforme Tools, Bildrechte in Pr\u00e4sentationen, Online-Pr\u00fcfungsordnungen, DSGVO-Verordnung oder auch KI-Generatoren in Studium, Lehre und Pr\u00fcfung sind nur einige Themen, \u00fcber die im Rahmen von SOUVER@N aufgekl\u00e4rt wird.<\/p>\t\t\t\t\t\t\t\t<\/div>\n\t\t\t\t<\/div>\n\t\t\t\t<div class=\"elementor-element elementor-element-b535dea elementor-posts--thumbnail-none elementor-posts__hover-none elementor-grid-2 elementor-grid-tablet-2 elementor-grid-mobile-1 elementor-widget elementor-widget-posts\" data-id=\"b535dea\" data-element_type=\"widget\" data-e-type=\"widget\" data-settings=\"{&quot;pagination_type&quot;:&quot;load_more_infinite_scroll&quot;,&quot;cards_columns&quot;:&quot;2&quot;,&quot;cards_columns_tablet&quot;:&quot;2&quot;,&quot;cards_columns_mobile&quot;:&quot;1&quot;,&quot;cards_row_gap&quot;:{&quot;unit&quot;:&quot;px&quot;,&quot;size&quot;:35,&quot;sizes&quot;:[]},&quot;cards_row_gap_tablet&quot;:{&quot;unit&quot;:&quot;px&quot;,&quot;size&quot;:&quot;&quot;,&quot;sizes&quot;:[]},&quot;cards_row_gap_mobile&quot;:{&quot;unit&quot;:&quot;px&quot;,&quot;size&quot;:&quot;&quot;,&quot;sizes&quot;:[]},&quot;load_more_spinner&quot;:{&quot;value&quot;:&quot;fas fa-spinner&quot;,&quot;library&quot;:&quot;fa-solid&quot;}}\" data-widget_type=\"posts.cards\">\n\t\t\t\t<div class=\"elementor-widget-container\">\n\t\t\t\t\t\t\t<div class=\"elementor-posts-container elementor-posts elementor-posts--skin-cards elementor-grid\">\n\t\t\t\t<article class=\"elementor-post elementor-grid-item post-5608 rechtsrahmen type-rechtsrahmen status-publish has-post-thumbnail hentry\">\n\t\t\t<div class=\"elementor-post__card\">\n\t\t\t\t<div class=\"elementor-post__text\">\n\t\t\t\t<h3 class=\"elementor-post__title\">\n\t\t\t<a href=\"https:\/\/www.souveraenes-digitales-lehren-und-lernen.de\/home\/rechtsrahmen\/online-pruefungsordnungen-nach-dem-nhg\/\" >\n\t\t\t\tOnline-Pr\u00fcfungsordnungen nach dem NHG\t\t\t<\/a>\n\t\t<\/h3>\n\t\t\t\t<div class=\"elementor-post__excerpt\">\n\t\t\t<p>Der neu in das NHG eingef\u00fcgte \u00a7 7 Abs. 4 erm\u00f6glicht Hochschulen unter Beachtung bestimmte Vorgaben, Online-Pr\u00fcfungen in ihre Pr\u00fcfungsordnungen aufzunehmen und somit eine Rechtsgrundlage f\u00fcr diese Pr\u00fcfungsform zu schaffen.<\/p>\n\t\t<\/div>\n\t\t\t\t\t<div class=\"elementor-post__read-more-wrapper\">\n\t\t\n\t\t<a class=\"elementor-post__read-more\" href=\"https:\/\/www.souveraenes-digitales-lehren-und-lernen.de\/home\/rechtsrahmen\/online-pruefungsordnungen-nach-dem-nhg\/\" aria-label=\"Read more about Online-Pr\u00fcfungsordnungen nach dem NHG\" tabindex=\"-1\" >\n\t\t\tWeiter \u00bb\t\t<\/a>\n\n\t\t\t\t\t<\/div>\n\t\t\t\t<\/div>\n\t\t\t\t\t<\/div>\n\t\t<\/article>\n\t\t\t\t<article class=\"elementor-post elementor-grid-item post-9168 rechtsrahmen type-rechtsrahmen status-publish has-post-thumbnail hentry\">\n\t\t\t<div class=\"elementor-post__card\">\n\t\t\t\t<div class=\"elementor-post__text\">\n\t\t\t\t<h3 class=\"elementor-post__title\">\n\t\t\t<a href=\"https:\/\/www.souveraenes-digitales-lehren-und-lernen.de\/home\/rechtsrahmen\/hochschuluebergreifende-weiterbildung-des-personals-und-eu-beihilferecht-in-niedersachsen\/\" >\n\t\t\t\tHochschul\u00fcbergreifende Weiterbildung des Personals und EU-Beihilferecht in Niedersachsen\t\t\t<\/a>\n\t\t<\/h3>\n\t\t\t\t<div class=\"elementor-post__excerpt\">\n\t\t\t<p>In diesem Paper wird die Rechtsgrundlage im NHG f\u00fcr eine Zusammenarbeit vorgestellt, in der Hochschulen ihre Weiterbildungsangebote f\u00fcr Angeh\u00f6rige von<\/p>\n\t\t<\/div>\n\t\t\t\t\t<div class=\"elementor-post__read-more-wrapper\">\n\t\t\n\t\t<a class=\"elementor-post__read-more\" href=\"https:\/\/www.souveraenes-digitales-lehren-und-lernen.de\/home\/rechtsrahmen\/hochschuluebergreifende-weiterbildung-des-personals-und-eu-beihilferecht-in-niedersachsen\/\" aria-label=\"Read more about Hochschul\u00fcbergreifende Weiterbildung des Personals und EU-Beihilferecht in Niedersachsen\" tabindex=\"-1\" >\n\t\t\tWeiter \u00bb\t\t<\/a>\n\n\t\t\t\t\t<\/div>\n\t\t\t\t<\/div>\n\t\t\t\t\t<\/div>\n\t\t<\/article>\n\t\t\t\t<article class=\"elementor-post elementor-grid-item post-10886 rechtsrahmen type-rechtsrahmen status-publish has-post-thumbnail hentry\">\n\t\t\t<div class=\"elementor-post__card\">\n\t\t\t\t<div class=\"elementor-post__text\">\n\t\t\t\t<h3 class=\"elementor-post__title\">\n\t\t\t<a href=\"https:\/\/www.souveraenes-digitales-lehren-und-lernen.de\/home\/rechtsrahmen\/checkliste-datenschutzkonforme-tools-fuer-die-lehre\/\" >\n\t\t\t\tCheckliste \u2013 Datenschutzkonforme Tools f\u00fcr die Lehre\t\t\t<\/a>\n\t\t<\/h3>\n\t\t\t\t<div class=\"elementor-post__excerpt\">\n\t\t\t<p>Mit dieser Checkliste stellen wir Lehrenden und auch anderen Besch\u00e4ftigten, die sich mit digital gest\u00fctzter Lehre befassen, einen \u00dcberblick \u00fcber<\/p>\n\t\t<\/div>\n\t\t\t\t\t<div class=\"elementor-post__read-more-wrapper\">\n\t\t\n\t\t<a class=\"elementor-post__read-more\" href=\"https:\/\/www.souveraenes-digitales-lehren-und-lernen.de\/home\/rechtsrahmen\/checkliste-datenschutzkonforme-tools-fuer-die-lehre\/\" aria-label=\"Read more about Checkliste \u2013 Datenschutzkonforme Tools f\u00fcr die Lehre\" tabindex=\"-1\" >\n\t\t\tWeiter \u00bb\t\t<\/a>\n\n\t\t\t\t\t<\/div>\n\t\t\t\t<\/div>\n\t\t\t\t\t<\/div>\n\t\t<\/article>\n\t\t\t\t<article class=\"elementor-post elementor-grid-item post-10887 rechtsrahmen type-rechtsrahmen status-publish has-post-thumbnail hentry\">\n\t\t\t<div class=\"elementor-post__card\">\n\t\t\t\t<div class=\"elementor-post__text\">\n\t\t\t\t<h3 class=\"elementor-post__title\">\n\t\t\t<a href=\"https:\/\/www.souveraenes-digitales-lehren-und-lernen.de\/home\/rechtsrahmen\/anrechnungsmoeglichkeiten-von-e-learning-formaten\/\" >\n\t\t\t\tAnrechnungsm\u00f6glichkeiten von E-Learning-Formaten\t\t\t<\/a>\n\t\t<\/h3>\n\t\t\t\t<div class=\"elementor-post__excerpt\">\n\t\t\t<p>Immer mehr digitale Lehr-Formate halten Einzug in die Lehre. Es stellt sich die Frage, wie die freiwillige Erbringung, Erstellung und<\/p>\n\t\t<\/div>\n\t\t\t\t\t<div class=\"elementor-post__read-more-wrapper\">\n\t\t\n\t\t<a class=\"elementor-post__read-more\" href=\"https:\/\/www.souveraenes-digitales-lehren-und-lernen.de\/home\/rechtsrahmen\/anrechnungsmoeglichkeiten-von-e-learning-formaten\/\" aria-label=\"Read more about Anrechnungsm\u00f6glichkeiten von E-Learning-Formaten\" tabindex=\"-1\" >\n\t\t\tWeiter \u00bb\t\t<\/a>\n\n\t\t\t\t\t<\/div>\n\t\t\t\t<\/div>\n\t\t\t\t\t<\/div>\n\t\t<\/article>\n\t\t\t\t<article class=\"elementor-post elementor-grid-item post-10888 rechtsrahmen type-rechtsrahmen status-publish has-post-thumbnail hentry\">\n\t\t\t<div class=\"elementor-post__card\">\n\t\t\t\t<div class=\"elementor-post__text\">\n\t\t\t\t<h3 class=\"elementor-post__title\">\n\t\t\t<a href=\"https:\/\/www.souveraenes-digitales-lehren-und-lernen.de\/home\/rechtsrahmen\/rechtliche-aspekte-des-einsatzes-von-ki-in-studium-lehre-und-pruefung\/\" >\n\t\t\t\tRechtliche Aspekte des Einsatzes von KI in Studium, Lehre und Pr\u00fcfung\t\t\t<\/a>\n\t\t<\/h3>\n\t\t\t\t<div class=\"elementor-post__excerpt\">\n\t\t\t<p>Hochschulen m\u00fcssen sich Gedanken machen, wie mit KI-Generatoren in Studium, Lehre und Pr\u00fcfung in didaktischer und rechtlicher Hinsicht umzugehen ist.<\/p>\n\t\t<\/div>\n\t\t\t\t\t<div class=\"elementor-post__read-more-wrapper\">\n\t\t\n\t\t<a class=\"elementor-post__read-more\" href=\"https:\/\/www.souveraenes-digitales-lehren-und-lernen.de\/home\/rechtsrahmen\/rechtliche-aspekte-des-einsatzes-von-ki-in-studium-lehre-und-pruefung\/\" aria-label=\"Read more about Rechtliche Aspekte des Einsatzes von KI in Studium, Lehre und Pr\u00fcfung\" tabindex=\"-1\" >\n\t\t\tWeiter \u00bb\t\t<\/a>\n\n\t\t\t\t\t<\/div>\n\t\t\t\t<\/div>\n\t\t\t\t\t<\/div>\n\t\t<\/article>\n\t\t\t\t<article class=\"elementor-post elementor-grid-item post-10889 rechtsrahmen type-rechtsrahmen status-publish has-post-thumbnail hentry\">\n\t\t\t<div class=\"elementor-post__card\">\n\t\t\t\t<div class=\"elementor-post__text\">\n\t\t\t\t<h3 class=\"elementor-post__title\">\n\t\t\t<a href=\"https:\/\/www.souveraenes-digitales-lehren-und-lernen.de\/home\/rechtsrahmen\/bildrechte-bei-der-verwendung-von-bildern-und-videos-in-vorlesungsfolien\/\" >\n\t\t\t\tBildrechte bei der Verwendung von Bildern und Videos in Vorlesungsfolien\t\t\t<\/a>\n\t\t<\/h3>\n\t\t\t\t<div class=\"elementor-post__excerpt\">\n\t\t\t<p>Kenntnisse des Einmaleins der Bildrechte sind unerl\u00e4sslich, um eigene und fremde Bilder oder Videos gesetzeskonform in Vorlesungen zu pr\u00e4sentieren oder<\/p>\n\t\t<\/div>\n\t\t\t\t\t<div class=\"elementor-post__read-more-wrapper\">\n\t\t\n\t\t<a class=\"elementor-post__read-more\" href=\"https:\/\/www.souveraenes-digitales-lehren-und-lernen.de\/home\/rechtsrahmen\/bildrechte-bei-der-verwendung-von-bildern-und-videos-in-vorlesungsfolien\/\" aria-label=\"Read more about Bildrechte bei der Verwendung von Bildern und Videos in Vorlesungsfolien\" tabindex=\"-1\" >\n\t\t\tWeiter \u00bb\t\t<\/a>\n\n\t\t\t\t\t<\/div>\n\t\t\t\t<\/div>\n\t\t\t\t\t<\/div>\n\t\t<\/article>\n\t\t\t\t<\/div>\n\t\t\t\t\t<span class=\"e-load-more-spinner\">\n\t\t\t\t<i aria-hidden=\"true\" class=\"fas fa-spinner\"><\/i>\t\t\t<\/span>\n\t\t\n\t\t\t\t\t\t<\/div>\n\t\t\t\t<\/div>\n\t\t\t\t\t<\/div>\n\t\t\t\t<\/div>\n\t\t\t\t<\/div>\n\t\t","protected":false},"featured_media":11627,"template":"","meta":{"_links_to":"","_links_to_target":""},"class_list":["post-10618","didaktik","type-didaktik","status-publish","has-post-thumbnail","hentry"],"_links":{"self":[{"href":"https:\/\/www.souveraenes-digitales-lehren-und-lernen.de\/home\/wp-json\/wp\/v2\/didaktik\/10618","targetHints":{"allow":["GET"]}}],"collection":[{"href":"https:\/\/www.souveraenes-digitales-lehren-und-lernen.de\/home\/wp-json\/wp\/v2\/didaktik"}],"about":[{"href":"https:\/\/www.souveraenes-digitales-lehren-und-lernen.de\/home\/wp-json\/wp\/v2\/types\/didaktik"}],"version-history":[{"count":11,"href":"https:\/\/www.souveraenes-digitales-lehren-und-lernen.de\/home\/wp-json\/wp\/v2\/didaktik\/10618\/revisions"}],"predecessor-version":[{"id":11847,"href":"https:\/\/www.souveraenes-digitales-lehren-und-lernen.de\/home\/wp-json\/wp\/v2\/didaktik\/10618\/revisions\/11847"}],"wp:featuredmedia":[{"embeddable":true,"href":"https:\/\/www.souveraenes-digitales-lehren-und-lernen.de\/home\/wp-json\/wp\/v2\/media\/11627"}],"wp:attachment":[{"href":"https:\/\/www.souveraenes-digitales-lehren-und-lernen.de\/home\/wp-json\/wp\/v2\/media?parent=10618"}],"curies":[{"name":"wp","href":"https:\/\/api.w.org\/{rel}","templated":true}]}}